{"id":7968,"date":"2019-08-26T04:10:19","date_gmt":"2019-08-26T12:10:19","guid":{"rendered":"https:\/\/climaterestorationalliance.org\/faq\/"},"modified":"2026-03-23T11:24:38","modified_gmt":"2026-03-23T19:24:38","slug":"faq","status":"publish","type":"page","link":"https:\/\/climaterestorationalliance.org\/fr\/faq\/","title":{"rendered":"FAQ"},"content":{"rendered":"\t\t<div data-elementor-type=\"wp-post\" data-elementor-id=\"7968\" class=\"elementor elementor-7968 elementor-1420\" data-elementor-post-type=\"page\">\n\t\t\t\t\t\t<section class=\"elementor-section elementor-top-section elementor-element elementor-element-30eca76 elementor-section-stretched elementor-section-boxed elementor-section-height-default elementor-section-height-default\" data-id=\"30eca76\" data-element_type=\"section\" data-e-type=\"section\" data-settings=\"{&quot;stretch_section&quot;:&quot;section-stretched&quot;,&quot;jet_parallax_layout_list&quot;:[]}\">\n\t\t\t\t\t\t<div class=\"elementor-container elementor-column-gap-no\">\n\t\t\t\t\t<div class=\"elementor-column elementor-col-66 elementor-top-column elementor-element elementor-element-7a11a35\" data-id=\"7a11a35\" data-element_type=\"column\" data-e-type=\"column\">\n\t\t\t<div class=\"elementor-widget-wrap elementor-element-populated\">\n\t\t\t\t\t\t<div class=\"elementor-element elementor-element-270763e elementor-widget-divider--view-line elementor-widget elementor-widget-divider\" data-id=\"270763e\" data-element_type=\"widget\" data-e-type=\"widget\" data-widget_type=\"divider.default\">\n\t\t\t\t<div class=\"elementor-widget-container\">\n\t\t\t\t\t\t\t<div class=\"elementor-divider\">\n\t\t\t<span class=\"elementor-divider-separator\">\n\t\t\t\t\t\t<\/span>\n\t\t<\/div>\n\t\t\t\t\t\t<\/div>\n\t\t\t\t<\/div>\n\t\t\t\t<div class=\"elementor-element elementor-element-44ce512 elementor-widget elementor-widget-heading\" data-id=\"44ce512\" data-element_type=\"widget\" data-e-type=\"widget\" data-widget_type=\"heading.default\">\n\t\t\t\t<div class=\"elementor-widget-container\">\n\t\t\t\t\t<h2 class=\"elementor-heading-title elementor-size-default\">Questions fr\u00e9quentes<\/h2>\t\t\t\t<\/div>\n\t\t\t\t<\/div>\n\t\t\t\t<div class=\"elementor-element elementor-element-12750a1 elementor-widget elementor-widget-accordion\" data-id=\"12750a1\" data-element_type=\"widget\" data-e-type=\"widget\" data-widget_type=\"accordion.default\">\n\t\t\t\t<div class=\"elementor-widget-container\">\n\t\t\t\t\t        <div class=\"elementor-accordion\" role=\"tablist\">\n                    <div class=\"elementor-accordion-item\">\n            <div id=\"elementor-tab-title-1931\" class=\"elementor-tab-title\" tabindex=\"1931\" data-tab=\"1\" role=\"tab\" aria-controls=\"elementor-tab-content-1931\">\n                        <span class=\"elementor-accordion-icon\" aria-hidden=\"true\">\n\t\t\t\t\t\t\t<i class=\"elementor-accordion-icon-closed opal-icon-plus-circle\"><\/i>\n\t\t\t\t\t\t\t<i class=\"elementor-accordion-icon-opened opal-icon-minus-circle\"><\/i>\n\t\t\t\t\t\t<\/span>\n                    Qu\u2019est-ce que la restauration du climat et pourquoi est-elle essentielle ?            <\/div>\n            <div id=\"elementor-tab-content-1931\" class=\"elementor-tab-content elementor-clearfix\" data-tab=\"1\" role=\"tabpanel\" aria-labelledby=\"elementor-tab-title-1931\"><p>Nous souhaitons tous l\u00e9guer \u00e0 nos enfants un climat s\u00fbr, comme celui que nous avons connu.<br class=\"id-6Z-xvnxRe-111\"><br class=\"id-6Z-xvnxRe-112\">La restauration du climat consiste \u00e0 r\u00e9tablir un climat dont la s\u00e9curit\u00e9 pour l\u2019humanit\u00e9 est prouv\u00e9e \u00e0 long terme, et ce d\u2019ici 2050, alors que nos \u00e9cosyst\u00e8mes, nos syst\u00e8mes climatiques, ainsi que nos syst\u00e8mes sociaux et politiques sont encore suffisamment intacts.<br class=\"id-6Z-xvnxRe-114\"><br class=\"id-6Z-xvnxRe-115\">Pour un climat s\u00fbr, il est indispensable de maintenir des niveaux de CO\u2082 s\u00fbrs. Pour r\u00e9tablir ces niveaux, il est n\u00e9cessaire de retirer mille milliards de tonnes de CO\u2082 de l\u2019atmosph\u00e8re. <\/p>\n<\/div>\n            <\/div>\n                    <div class=\"elementor-accordion-item\">\n            <div id=\"elementor-tab-title-1932\" class=\"elementor-tab-title\" tabindex=\"1932\" data-tab=\"2\" role=\"tab\" aria-controls=\"elementor-tab-content-1932\">\n                        <span class=\"elementor-accordion-icon\" aria-hidden=\"true\">\n\t\t\t\t\t\t\t<i class=\"elementor-accordion-icon-closed opal-icon-plus-circle\"><\/i>\n\t\t\t\t\t\t\t<i class=\"elementor-accordion-icon-opened opal-icon-minus-circle\"><\/i>\n\t\t\t\t\t\t<\/span>\n                    What is a safe climate?            <\/div>\n            <div id=\"elementor-tab-content-1932\" class=\"elementor-tab-content elementor-clearfix\" data-tab=\"2\" role=\"tabpanel\" aria-labelledby=\"elementor-tab-title-1932\"><p>The climate we enjoyed for thousands of years\u2014from the end of the last Ice Age until about 100 years ago\u2014was stable and safe. Called the \u201cpre-industrial climate\u201d it allowed us to thrive and develop agriculture and civilizations. <\/p>\n<p>Techniquement, les niveaux de CO\u2082 pr\u00e9industriels \u00e9taient d\u2019environ 275 parties par million (ppm). Cela signifie que sur un million de mol\u00e9cules d\u2019air, 275 sont du CO\u2082. <\/p>\n<p>Le niveau de CO\u2082 le plus \u00e9lev\u00e9 auquel l\u2019humanit\u00e9 ait \u00e9t\u00e9 expos\u00e9e sur le long terme est de 300 parties par million (ppm).<\/p>\n<\/div>\n            <\/div>\n                    <div class=\"elementor-accordion-item\">\n            <div id=\"elementor-tab-title-1933\" class=\"elementor-tab-title\" tabindex=\"1933\" data-tab=\"3\" role=\"tab\" aria-controls=\"elementor-tab-content-1933\">\n                        <span class=\"elementor-accordion-icon\" aria-hidden=\"true\">\n\t\t\t\t\t\t\t<i class=\"elementor-accordion-icon-closed opal-icon-plus-circle\"><\/i>\n\t\t\t\t\t\t\t<i class=\"elementor-accordion-icon-opened opal-icon-minus-circle\"><\/i>\n\t\t\t\t\t\t<\/span>\n                    O\u00f9 en sommes-nous aujourd'hui ?            <\/div>\n            <div id=\"elementor-tab-content-1933\" class=\"elementor-tab-content elementor-clearfix\" data-tab=\"3\" role=\"tabpanel\" aria-labelledby=\"elementor-tab-title-1933\"><p>Le taux de CO2 atmosph\u00e9rique a atteint 425 ppm, soit plus de 50 % de plus qu&rsquo;avant l&rsquo;av\u00e8nement de l&rsquo;industrie.<\/p>\n<p>La derni\u00e8re fois que la Terre a connu des niveaux de CO2 similaires, il y a entre 14 et 16 millions d&rsquo;ann\u00e9es, les hominid\u00e9s n&rsquo;avaient m\u00eame pas encore \u00e9volu\u00e9 \u00e0 partir des gorilles.<\/p>\n<p>Convertir les parties par million de CO2 en quantit\u00e9 : au cours des deux derniers si\u00e8cles, nous avons br\u00fbl\u00e9 tellement de combustibles fossiles qu&rsquo;il y a d\u00e9j\u00e0 mille milliards de tonnes de CO2 en exc\u00e8s, ou \u201c CO2 historique \u201d, dans l&rsquo;atmosph\u00e8re. C&rsquo;est ce qui est \u00e0 l&rsquo;origine de la majeure partie du d\u00e9r\u00e8glement climatique. <\/p>\n<\/div>\n            <\/div>\n                    <div class=\"elementor-accordion-item\">\n            <div id=\"elementor-tab-title-1934\" class=\"elementor-tab-title\" tabindex=\"1934\" data-tab=\"4\" role=\"tab\" aria-controls=\"elementor-tab-content-1934\">\n                        <span class=\"elementor-accordion-icon\" aria-hidden=\"true\">\n\t\t\t\t\t\t\t<i class=\"elementor-accordion-icon-closed opal-icon-plus-circle\"><\/i>\n\t\t\t\t\t\t\t<i class=\"elementor-accordion-icon-opened opal-icon-minus-circle\"><\/i>\n\t\t\t\t\t\t<\/span>\n                    Qu\u2019est-ce que l\u2019objectif de neutralit\u00e9 carbone ?            <\/div>\n            <div id=\"elementor-tab-content-1934\" class=\"elementor-tab-content elementor-clearfix\" data-tab=\"4\" role=\"tabpanel\" aria-labelledby=\"elementor-tab-title-1934\"><p>Lors des accords historiques de Paris de 2015, le monde s\u2019est engag\u00e9 \u00e0 atteindre la neutralit\u00e9 carbone d\u2019ici 2050.<br class=\"id-6Z-xvnxRe-218\"><br class=\"id-6Z-xvnxRe-219\">NLa neutralit\u00e9 carbone implique : 1) une transition aussi rapide que possible vers les \u00e9nergies propres \u2013 principalement l\u2019\u00e9nergie solaire, \u00e9olienne et les batteries \u2013 et 2) la compensation des \u00e9missions actuelles de combustibles fossiles par la suppression d\u2019une quantit\u00e9 \u00e9quivalente de CO\u2082 atmosph\u00e9rique (d\u2019o\u00f9 le terme \u201cnet\u201d dans neutralit\u00e9 carbone).  <br class=\"id-6Z-xvnxRe-221\"><br class=\"id-6Z-xvnxRe-222\">La neutralit\u00e9 carbone signifie donc ne plus rejeter de gaz \u00e0 effet de serre dans l\u2019atmosph\u00e8re. La transition vers les \u00e9nergies propres est b\u00e9n\u00e9fique pour l\u2019atmosph\u00e8re, l\u2019environnement et la sant\u00e9 humaine. L\u2019objectif de neutralit\u00e9 carbone nous incite \u00e0 acc\u00e9l\u00e9rer notre transition vers les \u00e9nergies propres et renouvelables.  <br class=\"id-6Z-xvnxRe-224\"><br class=\"id-6Z-xvnxRe-225\">Cependant, atteindre la neutralit\u00e9 carbone ne garantit pas un climat sain et ne r\u00e9soudra pas le probl\u00e8me du changement climatique.<\/p>\n<\/div>\n            <\/div>\n                    <div class=\"elementor-accordion-item\">\n            <div id=\"elementor-tab-title-1935\" class=\"elementor-tab-title\" tabindex=\"1935\" data-tab=\"5\" role=\"tab\" aria-controls=\"elementor-tab-content-1935\">\n                        <span class=\"elementor-accordion-icon\" aria-hidden=\"true\">\n\t\t\t\t\t\t\t<i class=\"elementor-accordion-icon-closed opal-icon-plus-circle\"><\/i>\n\t\t\t\t\t\t\t<i class=\"elementor-accordion-icon-opened opal-icon-minus-circle\"><\/i>\n\t\t\t\t\t\t<\/span>\n                    Pourquoi la neutralit\u00e9 carbone d'ici 2050 ne garantirait-elle pas un climat s\u00fbr ?            <\/div>\n            <div id=\"elementor-tab-content-1935\" class=\"elementor-tab-content elementor-clearfix\" data-tab=\"5\" role=\"tabpanel\" aria-labelledby=\"elementor-tab-title-1935\"><p>La plupart des gens pensent que la neutralit\u00e9 carbone mettra fin \u00e0 la crise climatique. Or, ce ne sera pas le cas. <br class=\"id-6Z-xvnxRe-239\"><br class=\"id-6Z-xvnxRe-240\">La neutralit\u00e9 carbone signifie stabiliser les niveaux de CO2 \u00e0 leur niveau actuel. Si cette stabilisation \u00e9tait justifi\u00e9e dans les ann\u00e9es 1980, avant que le changement climatique ne soit visible, elle ne suffit plus. <br class=\"id-6Z-xvnxRe-242\"><br class=\"id-6Z-xvnxRe-243\">M\u00eame si, comme par magie, nous atteignions la neutralit\u00e9 carbone demain, nous aurions encore tout le CO2 rejet\u00e9 dans l&rsquo;atmosph\u00e8re ces 200 derni\u00e8res ann\u00e9es. Il s&rsquo;agit d&rsquo;un billion de tonnes de ce CO2 \u201c historique \u201d. C&rsquo;est le principal moteur du chaos climatique.  <br class=\"id-6Z-xvnxRe-245\"><br class=\"id-6Z-xvnxRe-246\">Si nous stabilisions les gaz \u00e0 effet de serre aujourd&rsquo;hui sans \u00e9liminer ce CO2 historique, nous risquons d&rsquo;assister \u00e0 l&rsquo;effondrement continu de notre climat et de nos \u00e9cosyst\u00e8mes. Ce pourrait \u00eatre la fin de la vie telle que nous la connaissons. <br class=\"id-6Z-xvnxRe-248\"><br class=\"id-6Z-xvnxRe-249\">Pour r\u00e9tablir un climat s\u00fbr, nous devons passer aux \u00e9nergies propres ET \u00e9liminer les milliards de tonnes de CO2 h\u00e9rit\u00e9es que nous avons rejet\u00e9es dans l&rsquo;atmosph\u00e8re au cours des deux derniers si\u00e8cles.<\/p>\n<\/div>\n            <\/div>\n                    <div class=\"elementor-accordion-item\">\n            <div id=\"elementor-tab-title-1936\" class=\"elementor-tab-title\" tabindex=\"1936\" data-tab=\"6\" role=\"tab\" aria-controls=\"elementor-tab-content-1936\">\n                        <span class=\"elementor-accordion-icon\" aria-hidden=\"true\">\n\t\t\t\t\t\t\t<i class=\"elementor-accordion-icon-closed opal-icon-plus-circle\"><\/i>\n\t\t\t\t\t\t\t<i class=\"elementor-accordion-icon-opened opal-icon-minus-circle\"><\/i>\n\t\t\t\t\t\t<\/span>\n                    Pourquoi affirmons-nous pouvoir restaurer le climat ?            <\/div>\n            <div id=\"elementor-tab-content-1936\" class=\"elementor-tab-content elementor-clearfix\" data-tab=\"6\" role=\"tabpanel\" aria-labelledby=\"elementor-tab-title-1936\"><p>L\u2019humanit\u00e9 n\u2019a jamais extrait mille milliards de tonnes de CO2 de l\u2019atmosph\u00e8re, contrairement \u00e0 la nature. Celle-ci l\u2019a fait \u00e0 maintes reprises, notamment lors des p\u00e9riodes glaciaires. Nous savons donc que c\u2019est possible. La nature \u00e9limine \u00e9galement des gigatonnes de CO2 rapidement apr\u00e8s les \u00e9ruptions volcaniques.   <br class=\"id-6Z-xvnxRe-253\"><br class=\"id-6Z-xvnxRe-254\">L\u2019humanit\u00e9 n\u2019a jamais extrait mille milliards de tonnes de CO2 de l\u2019atmosph\u00e8re, contrairement \u00e0 la nature. Celle-ci l\u2019a fait \u00e0 maintes reprises, notamment lors des p\u00e9riodes glaciaires. Nous savons donc que c\u2019est possible. La nature \u00e9limine \u00e9galement des gigatonnes de CO2 rapidement apr\u00e8s les \u00e9ruptions volcaniques. <\/p>\n<\/div>\n            <\/div>\n                    <div class=\"elementor-accordion-item\">\n            <div id=\"elementor-tab-title-1937\" class=\"elementor-tab-title\" tabindex=\"1937\" data-tab=\"7\" role=\"tab\" aria-controls=\"elementor-tab-content-1937\">\n                        <span class=\"elementor-accordion-icon\" aria-hidden=\"true\">\n\t\t\t\t\t\t\t<i class=\"elementor-accordion-icon-closed opal-icon-plus-circle\"><\/i>\n\t\t\t\t\t\t\t<i class=\"elementor-accordion-icon-opened opal-icon-minus-circle\"><\/i>\n\t\t\t\t\t\t<\/span>\n                    Comment la nature \u00e9limine-t-elle de grandes quantit\u00e9s de CO2 en un laps de temps relativement court ?            <\/div>\n            <div id=\"elementor-tab-content-1937\" class=\"elementor-tab-content elementor-clearfix\" data-tab=\"7\" role=\"tabpanel\" aria-labelledby=\"elementor-tab-title-1937\"><p>En stimulant la photosynth\u00e8se dans l&rsquo;oc\u00e9an qui recouvre la majeure partie de notre plan\u00e8te. \u00c0 l&rsquo;approche d&rsquo;une p\u00e9riode glaciaire, la nature intensifie les temp\u00eates de poussi\u00e8re qui transportent la poussi\u00e8re de fer des terres \u00e9merg\u00e9es vers le large. (Le fer est essentiel \u00e0 toute vie, mais contrairement \u00e0 d&rsquo;autres nutriments, il ne se dissout pas et ne stagne pas en surface : il coule.)  <br class=\"id-6Z-xvnxRe-349\"><br class=\"id-6Z-xvnxRe-350\">L&rsquo;ajout de traces de fer peut induire une prolif\u00e9ration imm\u00e9diate et b\u00e9n\u00e9fique de phytoplancton, ces minuscules plantes et algues vertes qui constituent la base du r\u00e9seau trophique marin.<br class=\"id-6Z-xvnxRe-352\"><br class=\"id-6Z-xvnxRe-353\">Le phytoplancton absorbe d&rsquo;\u00e9normes quantit\u00e9s de CO2 gr\u00e2ce \u00e0 la photosynth\u00e8se. Lorsque le phytoplancton (et ses pr\u00e9dateurs) meurt, il coule vers les profondeurs. L\u00e0, le biocarbone ne peut ni se d\u00e9composer ni br\u00fbler, contrairement aux plantes terrestres.  <br class=\"id-6Z-xvnxRe-355\"><br class=\"id-6Z-xvnxRe-356\">\u200bCe processus naturel est appel\u00e9 \u00a0\u00bb fertilisation des oc\u00e9ans par le fer \u00a0\u00bb ou OIF C&rsquo;est comme apporter un suppl\u00e9ment de fer aux zones an\u00e9miques de l&rsquo;oc\u00e9an. <\/p>\n<\/div>\n            <\/div>\n                    <div class=\"elementor-accordion-item\">\n            <div id=\"elementor-tab-title-1938\" class=\"elementor-tab-title\" tabindex=\"1938\" data-tab=\"8\" role=\"tab\" aria-controls=\"elementor-tab-content-1938\">\n                        <span class=\"elementor-accordion-icon\" aria-hidden=\"true\">\n\t\t\t\t\t\t\t<i class=\"elementor-accordion-icon-closed opal-icon-plus-circle\"><\/i>\n\t\t\t\t\t\t\t<i class=\"elementor-accordion-icon-opened opal-icon-minus-circle\"><\/i>\n\t\t\t\t\t\t<\/span>\n                    Comment comptons-nous restaurer le climat ?            <\/div>\n            <div id=\"elementor-tab-content-1938\" class=\"elementor-tab-content elementor-clearfix\" data-tab=\"8\" role=\"tabpanel\" aria-labelledby=\"elementor-tab-title-1938\"><p>En nous inspirant de la nature. Aujourd&rsquo;hui, une douzaine de projets pilotes sont d\u00e9velopp\u00e9s \u00e0 travers le monde pour reproduire et acc\u00e9l\u00e9rer l&rsquo;oxydation induite par le feu (OIF), gr\u00e2ce \u00e0 un processus appel\u00e9 \u00a0\u00bb biomim\u00e9tisme \u00ab\u00a0. \u263a. <a href=\"https:\/\/climaterestorationalliance.org\/?post_type=give_forms&#038;p=74\" target=\"_blank\" rel=\"noopener\">Voici le n\u00f4tre<\/a>. <br class=\"id-6Z-xvnxRe-420\"><br class=\"id-6Z-xvnxRe-421\">En nous appuyant sur les connaissances scientifiques relatives aux p\u00e9riodes glaciaires et aux volcans, qui absorbent le CO2 tr\u00e8s rapidement, nous estimons qu&rsquo;une OIF intentionnelle pourrait permettre d&rsquo;\u00e9liminer jusqu&rsquo;\u00e0 60 milliards de tonnes de CO2 par an. \u00c0 ce rythme, nous pourrions r\u00e9tablir des niveaux de CO2 acceptables d&rsquo;ici 2050. <br class=\"id-6Z-xvnxRe-423\"><br class=\"id-6Z-xvnxRe-424\">Les scientifiques et les ing\u00e9nieurs s&rsquo;inspirent \u00e9galement de la fa\u00e7on dont la nature \u00e9limine le m\u00e9thane de l&rsquo;atmosph\u00e8re. Moins concentr\u00e9 que le CO2 et ayant une dur\u00e9e de vie plus courte dans l&rsquo;atmosph\u00e8re, le m\u00e9thane est environ 80 fois plus puissant. Gr\u00e2ce au biomim\u00e9tisme, nous pr\u00e9voyons de doubler le taux d&rsquo;oxydation naturelle du m\u00e9thane, ce qui r\u00e9duira de moiti\u00e9 sa concentration et permettra de retrouver rapidement les niveaux pr\u00e9industriels.  <br class=\"id-6Z-xvnxRe-426\"><br class=\"id-6Z-xvnxRe-427\">En nous inspirant de la nature. Aujourd&rsquo;hui, une douzaine de projets pilotes sont d\u00e9velopp\u00e9s \u00e0 travers le monde pour reproduire et acc\u00e9l\u00e9rer l&rsquo;OIF (par un processus appel\u00e9 \u00a0\u00bb biomim\u00e9tisme \u00ab\u00a0). <br class=\"id-6Z-xvnxRe-429\"><br class=\"id-6Z-xvnxRe-430\">En nous appuyant sur les connaissances scientifiques relatives aux p\u00e9riodes glaciaires et aux volcans, qui absorbent le CO2 tr\u00e8s rapidement, nous estimons que l&rsquo;OIF intentionnelle pourrait permettre d&rsquo;absorber jusqu&rsquo;\u00e0 60 milliards de tonnes de CO2 par an. \u00c0 ce rythme, nous pourrions r\u00e9tablir des niveaux de CO2 acceptables d&rsquo;ici 2050. <\/p>\n<\/div>\n            <\/div>\n                    <div class=\"elementor-accordion-item\">\n            <div id=\"elementor-tab-title-1939\" class=\"elementor-tab-title\" tabindex=\"1939\" data-tab=\"9\" role=\"tab\" aria-controls=\"elementor-tab-content-1939\">\n                        <span class=\"elementor-accordion-icon\" aria-hidden=\"true\">\n\t\t\t\t\t\t\t<i class=\"elementor-accordion-icon-closed opal-icon-plus-circle\"><\/i>\n\t\t\t\t\t\t\t<i class=\"elementor-accordion-icon-opened opal-icon-minus-circle\"><\/i>\n\t\t\t\t\t\t<\/span>\n                    Qu\u2019en est-il de la capture du CO2 par des m\u00e9thodes naturelles ?            <\/div>\n            <div id=\"elementor-tab-content-1939\" class=\"elementor-tab-content elementor-clearfix\" data-tab=\"9\" role=\"tabpanel\" aria-labelledby=\"elementor-tab-title-1939\"><p>Vous avez sans doute beaucoup entendu parler d\u2019agriculture r\u00e9g\u00e9n\u00e9ratrice, d\u2019agroforesterie ou de biochar. Les \u00a0\u00bb <a href=\"https:\/\/climaterestorationalliance.org\/donations\/category\/nature-based-solutions\/\" target=\"_blank\" rel=\"noopener\">solutions climatiques fond\u00e9es sur la nature<\/a> \u00a0\u00bb \u200b\u200bincluent \u00e9galement la plantation d\u2019arbres, le p\u00e2turage holistique, le \u00a0\u00bb carbone bleu \u00ab\u00a0, la culture du bambou et la restauration de tous types d\u2019\u00e9cosyst\u00e8mes (\u00e9co-restauration). \/donations\/category\/nature-based-solutions\/<\/p>\n<p><br class=\"id-6Z-xvnxRe-468\"><br class=\"id-6Z-xvnxRe-469\">Land-based approaches are good for soil, wildlife, and human health. Some can make money in the offset market, particularly in countries in the South. Although they not scalable enough to restore the climate on their own in the short timeframe we have, they are just as crucial if we want our grandchildren to thrive.  <br class=\"id-6Z-xvnxRe-471\"><br class=\"id-6Z-xvnxRe-472\">Ces efforts rev\u00eatent une importance capitale pour la vie sur Terre. Ils peuvent contribuer \u00e0 r\u00e9tablir un climat s\u00fbr. Mais ils ne peuvent se substituer \u00e0 des mesures de restauration oc\u00e9anique \u00e0 grande \u00e9chelle.  <\/p>\n<p>While supported by the Climate Restoration Alliance, these solutions are a second priority.<\/p>\n<\/div>\n            <\/div>\n                    <div class=\"elementor-accordion-item\">\n            <div id=\"elementor-tab-title-19310\" class=\"elementor-tab-title\" tabindex=\"19310\" data-tab=\"10\" role=\"tab\" aria-controls=\"elementor-tab-content-19310\">\n                        <span class=\"elementor-accordion-icon\" aria-hidden=\"true\">\n\t\t\t\t\t\t\t<i class=\"elementor-accordion-icon-closed opal-icon-plus-circle\"><\/i>\n\t\t\t\t\t\t\t<i class=\"elementor-accordion-icon-opened opal-icon-minus-circle\"><\/i>\n\t\t\t\t\t\t<\/span>\n                    La capture technologique du CO\u2082 \u00e9quivaut-elle \u00e0 la restauration du climat ?            <\/div>\n            <div id=\"elementor-tab-content-19310\" class=\"elementor-tab-content elementor-clearfix\" data-tab=\"10\" role=\"tabpanel\" aria-labelledby=\"elementor-tab-title-19310\"><p>Non. La capture directe du CO2 dans l\u2019air (CDA) et les autres formes de captage et de stockage du CO2 (CSC) \u00e0 l\u2019\u00e9chelle industrielle sont tout simplement trop co\u00fbteuses \u00e0 d\u00e9ployer \u00e0 grande \u00e9chelle et ne peuvent donc pas r\u00e9duire les niveaux de CO2 ; elles ne font que compenser une partie des nouvelles \u00e9missions. \u00c0 terme, peut-\u00eatre y parviendraient-elles. Mais la situation est urgente.   <br class=\"id-6Z-xvnxRe-524\"><br class=\"id-6Z-xvnxRe-525\">Les technologies de pointe permettant de capter le CO\u2082 b\u00e9n\u00e9ficient actuellement de financements de plusieurs milliards de dollars. Mais il faut compter entre 600 et 1 000 dollars pour capter une tonne de CO\u2082. <br class=\"id-6Z-xvnxRe-527\"><br class=\"id-6Z-xvnxRe-528\">C\u2019est 10 000 fois plus cher que de reproduire les processus naturels ; nous pr\u00e9voyons que le co\u00fbt de capture sera de 1 dollar par tonne !<\/p>\n<\/div>\n            <\/div>\n                    <div class=\"elementor-accordion-item\">\n            <div id=\"elementor-tab-title-19311\" class=\"elementor-tab-title\" tabindex=\"19311\" data-tab=\"11\" role=\"tab\" aria-controls=\"elementor-tab-content-19311\">\n                        <span class=\"elementor-accordion-icon\" aria-hidden=\"true\">\n\t\t\t\t\t\t\t<i class=\"elementor-accordion-icon-closed opal-icon-plus-circle\"><\/i>\n\t\t\t\t\t\t\t<i class=\"elementor-accordion-icon-opened opal-icon-minus-circle\"><\/i>\n\t\t\t\t\t\t<\/span>\n                    Pourquoi un climat s\u00fbr n'est-il pas notre objectif climatique officiel ?            <\/div>\n            <div id=\"elementor-tab-content-19311\" class=\"elementor-tab-content elementor-clearfix\" data-tab=\"11\" role=\"tabpanel\" aria-labelledby=\"elementor-tab-title-19311\"><p>Dans les ann\u00e9es 1980, lorsque le monde a commenc\u00e9 \u00e0 s&rsquo;inqui\u00e9ter du r\u00e9chauffement climatique et que la CCNUCC et le GIEC ont \u00e9t\u00e9 mis en place, les niveaux de CO2 \u00e9taient encore consid\u00e9r\u00e9s comme s\u00fbrs pour l&rsquo;humanit\u00e9. Le changement climatique n&rsquo;\u00e9tait pas encore perceptible. Il n&rsquo;aurait pas \u00e9t\u00e9 logique de r\u00e9clamer le r\u00e9tablissement d&rsquo;un climat s\u00fbr\u2026 puisqu&rsquo;il l&rsquo;\u00e9tait  <br class=\"id-6Z-xvnxRe-589\"><br class=\"id-6Z-xvnxRe-590\">Dans ce contexte, l&rsquo;ONU et la communaut\u00e9 internationale se sont engag\u00e9es \u00e0 \u00ab stabiliser \u00bb les gaz \u00e0 effet de serre (GES) en 1992. Stabiliser signifie r\u00e9duire les \u00e9missions en favorisant les \u00e9nergies renouvelables et en am\u00e9liorant l&rsquo;efficacit\u00e9 \u00e9nerg\u00e9tique. (L&rsquo;expression est devenue \u201c z\u00e9ro \u00e9mission nette \u201d dans le cadre des Accords de Paris de 2015.)  <br class=\"id-6Z-xvnxRe-592\"><br class=\"id-6Z-xvnxRe-593\">D\u00e8s le d\u00e9but des discussions sur le climat, la r\u00e9duction des \u00e9missions est devenue le cri de ralliement des militants \u00e9cologistes du monde entier et elle est rest\u00e9e l&rsquo;objectif principal. Pourtant, rares sont les responsables politiques qui abordent l&rsquo;urgence d&rsquo;\u00e9largir cet objectif, de r\u00e9tablir un climat s\u00fbr. <\/p>\n<\/div>\n            <\/div>\n                    <div class=\"elementor-accordion-item\">\n            <div id=\"elementor-tab-title-19312\" class=\"elementor-tab-title\" tabindex=\"19312\" data-tab=\"12\" role=\"tab\" aria-controls=\"elementor-tab-content-19312\">\n                        <span class=\"elementor-accordion-icon\" aria-hidden=\"true\">\n\t\t\t\t\t\t\t<i class=\"elementor-accordion-icon-closed opal-icon-plus-circle\"><\/i>\n\t\t\t\t\t\t\t<i class=\"elementor-accordion-icon-opened opal-icon-minus-circle\"><\/i>\n\t\t\t\t\t\t<\/span>\n                    En quoi la restauration du climat diff\u00e8re-t-elle de l'action climatique traditionnelle ?            <\/div>\n            <div id=\"elementor-tab-content-19312\" class=\"elementor-tab-content elementor-clearfix\" data-tab=\"12\" role=\"tabpanel\" aria-labelledby=\"elementor-tab-title-19312\"><p>La restauration du climat repr\u00e9sente un nouveau paradigme. La plupart des actions climatiques visent \u00e0 \u201c \u00e9viter les pires cons\u00e9quences \u201d du changement climatique en r\u00e9duisant les \u00e9missions. \u00c0 l&rsquo;inverse, les acteurs de la restauration du climat visent \u00e0 obtenir le meilleur r\u00e9sultat possible \u2013 un climat s\u00fbr pour nos enfants et les g\u00e9n\u00e9rations futures \u2013 en utilisant des \u00e9nergies propres ET en r\u00e9tablissant des niveaux de CO2 acceptables.  <\/p>\n<\/div>\n            <\/div>\n                    <div class=\"elementor-accordion-item\">\n            <div id=\"elementor-tab-title-19313\" class=\"elementor-tab-title\" tabindex=\"19313\" data-tab=\"13\" role=\"tab\" aria-controls=\"elementor-tab-content-19313\">\n                        <span class=\"elementor-accordion-icon\" aria-hidden=\"true\">\n\t\t\t\t\t\t\t<i class=\"elementor-accordion-icon-closed opal-icon-plus-circle\"><\/i>\n\t\t\t\t\t\t\t<i class=\"elementor-accordion-icon-opened opal-icon-minus-circle\"><\/i>\n\t\t\t\t\t\t<\/span>\n                    Quel est le plus grand d\u00e9fi pour restaurer le climat ?            <\/div>\n            <div id=\"elementor-tab-content-19313\" class=\"elementor-tab-content elementor-clearfix\" data-tab=\"13\" role=\"tabpanel\" aria-labelledby=\"elementor-tab-title-19313\"><p>The biggest challenge right now is that we have no national or global agreement that puts us on the path to restoring the climate for future generations.<br class=\"id-6Z-xvnxRe-623\"><br class=\"id-6Z-xvnxRe-624\">Le plus grand d\u00e9fi actuellement est l&rsquo;absence d&rsquo;accord national ou international nous permettant de nous engager sur la voie d&rsquo;un climat sain pour les g\u00e9n\u00e9rations futures. <br class=\"id-6Z-xvnxRe-626\"><br class=\"id-6Z-xvnxRe-627\">L&rsquo;Alliance pour la restauration du climat s&rsquo;efforce de changer cela !<br class=\"id-6Z-xvnxRe-629\"><br class=\"id-6Z-xvnxRe-630\">Our growing community of Climate Restorers has taken on the challenge of ensuring a safe climate by pulling down the trillion tons of legacy CO2 that\u2019s been added to the atmosphere over the past 150 years.<br class=\"id-6Z-xvnxRe-632\"><br class=\"id-6Z-xvnxRe-633\">M\u00eame si nous arr\u00eations d\u00e8s aujourd\u2019hui de br\u00fbler tous les combustibles fossiles, les niveaux de CO\u2082 dans l\u2019atmosph\u00e8re continueraient d\u2019entra\u00eener une hausse des temp\u00e9ratures, une \u00e9l\u00e9vation du niveau des mers, des ph\u00e9nom\u00e8nes m\u00e9t\u00e9orologiques plus violents et une ins\u00e9curit\u00e9 alimentaire.<br class=\"id-6Z-xvnxRe-635\"><br class=\"id-6Z-xvnxRe-637\">The climate crisis needs reversing, urgently. We have <a href=\"\/donations\/atmospheric-methane-oxidation\/\" target=\"_blank\" rel=\"noopener\">Methane Oxidation<\/a> and <a href=\"https:\/\/climaterestorationalliance.org\/?post_type=give_forms&#038;p=74\" target=\"_blank\" rel=\"noopener\">Ocean Iron Fertilization<\/a> pilot projects in development that will demonstrate the safety, efficiency and scalability of these solutions to restore a safe climate with CO2 below 300 PPM by 2050. \/donations\/atmospheric-methane-oxidation\/ \/donations\/cra-oif-project-development\/ <\/p>\n<\/div>\n            <\/div>\n                <\/div>\n        \t\t\t\t<\/div>\n\t\t\t\t<\/div>\n\t\t\t\t<div class=\"elementor-element elementor-element-bb8bffa elementor-widget-divider--view-line elementor-widget elementor-widget-divider\" data-id=\"bb8bffa\" data-element_type=\"widget\" data-e-type=\"widget\" data-widget_type=\"divider.default\">\n\t\t\t\t<div class=\"elementor-widget-container\">\n\t\t\t\t\t\t\t<div class=\"elementor-divider\">\n\t\t\t<span class=\"elementor-divider-separator\">\n\t\t\t\t\t\t<\/span>\n\t\t<\/div>\n\t\t\t\t\t\t<\/div>\n\t\t\t\t<\/div>\n\t\t\t\t<div class=\"elementor-element elementor-element-9391e69 elementor-widget elementor-widget-heading\" data-id=\"9391e69\" data-element_type=\"widget\" data-e-type=\"widget\" data-widget_type=\"heading.default\">\n\t\t\t\t<div class=\"elementor-widget-container\">\n\t\t\t\t\t<h2 class=\"elementor-heading-title elementor-size-default\">Questions sur la fertilisation des oc\u00e9ans par le fer (OIF)<\/h2>\t\t\t\t<\/div>\n\t\t\t\t<\/div>\n\t\t\t\t<div class=\"elementor-element elementor-element-917facc elementor-widget elementor-widget-accordion\" data-id=\"917facc\" data-element_type=\"widget\" data-e-type=\"widget\" data-widget_type=\"accordion.default\">\n\t\t\t\t<div class=\"elementor-widget-container\">\n\t\t\t\t\t        <div class=\"elementor-accordion\" role=\"tablist\">\n                    <div class=\"elementor-accordion-item\">\n            <div id=\"elementor-tab-title-1521\" class=\"elementor-tab-title\" tabindex=\"1521\" data-tab=\"1\" role=\"tab\" aria-controls=\"elementor-tab-content-1521\">\n                        <span class=\"elementor-accordion-icon\" aria-hidden=\"true\">\n\t\t\t\t\t\t\t<i class=\"elementor-accordion-icon-closed opal-icon-plus-circle\"><\/i>\n\t\t\t\t\t\t\t<i class=\"elementor-accordion-icon-opened opal-icon-minus-circle\"><\/i>\n\t\t\t\t\t\t<\/span>\n                    Qu\u2019est-ce que la fertilisation oc\u00e9anique en fer (OIF) exactement ?            <\/div>\n            <div id=\"elementor-tab-content-1521\" class=\"elementor-tab-content elementor-clearfix\" data-tab=\"1\" role=\"tabpanel\" aria-labelledby=\"elementor-tab-title-1521\"><p>Toute forme de vie a besoin de fer, mais cet \u00e9l\u00e9ment se rar\u00e9fie souvent dans les couches sup\u00e9rieures de l\u2019oc\u00e9an, car il a tendance \u00e0 couler rapidement. La \u00a0\u00bb fertilisation oc\u00e9anique en fer \u00a0\u00bb d\u00e9signe les processus naturels qui reconstituent les r\u00e9serves de fer dans l\u2019oc\u00e9an, comme les \u00e9ruptions volcaniques et les temp\u00eates de poussi\u00e8re d\u00e9sertiques ; ce terme d\u00e9signe \u00e9galement la restauration intentionnelle du fer dans des zones strat\u00e9giques. <\/p>\n<p><span style=\"font-family: 'DM Sans', -apple-system, BlinkMacSystemFont, 'Segoe UI', Roboto, 'Helvetica Neue', Arial, sans-serif;\">L\u00e0 o\u00f9 le fer est particuli\u00e8rement rare, la OIF peut stimuler la croissance du phytoplancton, ces minuscules plantes et algues vertes qui constituent la base du r\u00e9seau trophique marin. Le phytoplancton contribue \u00e0 la reconstitution des populations de poissons et absorbe \u00e9galement d\u2019importantes quantit\u00e9s de CO\u2082 par photosynth\u00e8se. Lorsque le plancton et les animaux qui s\u2019en nourrissent meurent, ils coulent, emportant avec eux leur biocarbone (carbone stock\u00e9 dans les organismes). Le biocarbone qui d\u00e9rive \u00e0 plus d\u2019un kilom\u00e8tre de profondeur reste ensuite pi\u00e9g\u00e9 pendant des milliers d\u2019ann\u00e9es.    <\/span><\/p>\n<p><span style=\"font-family: 'DM Sans', -apple-system, BlinkMacSystemFont, 'Segoe UI', Roboto, 'Helvetica Neue', Arial, sans-serif;\">La fertilisation naturelle des oc\u00e9ans par le fer (OIF) est due \u00e0 :<\/span><\/p>\n<ol>\n<li>1. Les temp\u00eates de poussi\u00e8re dans le Sahara et d\u2019autres d\u00e9serts qui projettent des poussi\u00e8res riches en fer vers la mer<\/li>\n<li>2. Les \u00e9ruptions volcaniques, y compris celles des volcans sous-marins <\/li>\n<li>3. La fonte des icebergs et des glaciers<\/li>\n<li>4. La remont\u00e9e d\u2019eaux profondes<\/li>\n<li>5. Les baleines : les baleines \u00e0 fanons se nourrissent de krill et d\u2019autres organismes riches en fer, puis d\u00e9f\u00e8quent \u00e0 la surface. Avant qu\u2019elles ne soient pratiquement extermin\u00e9es, les baleines auraient \u00e0 elles seules fourni une quantit\u00e9 consid\u00e9rable d\u2019\u00ab engrais ferreux \u00bb \u00e0 la couche sup\u00e9rieure de l\u2019oc\u00e9an.  <\/li>\n<\/ol>\n<p><span style=\"font-family: 'DM Sans', -apple-system, BlinkMacSystemFont, 'Segoe UI', Roboto, 'Helvetica Neue', Arial, sans-serif;\">La fertilisation intentionnelle par le fer est une forme de \u00a0\u00bb biomim\u00e9tisme \u00ab\u00a0, c\u2019est-\u00e0-dire une reproduction fid\u00e8le des processus naturels. L\u2019OIF intentionnelle est la solution de restauration climatique la plus efficace que nous connaissions.  <\/span><\/p>\n<\/div>\n            <\/div>\n                    <div class=\"elementor-accordion-item\">\n            <div id=\"elementor-tab-title-1522\" class=\"elementor-tab-title\" tabindex=\"1522\" data-tab=\"2\" role=\"tab\" aria-controls=\"elementor-tab-content-1522\">\n                        <span class=\"elementor-accordion-icon\" aria-hidden=\"true\">\n\t\t\t\t\t\t\t<i class=\"elementor-accordion-icon-closed opal-icon-plus-circle\"><\/i>\n\t\t\t\t\t\t\t<i class=\"elementor-accordion-icon-opened opal-icon-minus-circle\"><\/i>\n\t\t\t\t\t\t<\/span>\n                    L'OIF a-t-elle d\u00e9j\u00e0 \u00e9t\u00e9 observ\u00e9e ?            <\/div>\n            <div id=\"elementor-tab-content-1522\" class=\"elementor-tab-content elementor-clearfix\" data-tab=\"2\" role=\"tabpanel\" aria-labelledby=\"elementor-tab-title-1522\"><p>Oui, depuis des milliers d&rsquo;ann\u00e9es. En fait, l&rsquo;OIF naturelle est en grande partie responsable des baisses de CO2 et de temp\u00e9rature qui provoquent les p\u00e9riodes glaciaires. L&rsquo;Acad\u00e9mie nationale des sciences a qualifi\u00e9 cette d\u00e9couverte de l&rsquo;une des plus importantes du XXe si\u00e8cle.   <\/p>\n<p>Les p\u00e9riodes glaciaires mettent des milliers d&rsquo;ann\u00e9es \u00e0 se former, mais l&rsquo;OIF peut aussi se produire tr\u00e8s rapidement, par exemple apr\u00e8s des \u00e9ruptions volcaniques. En 1992, 20 milliards de tonnes de CO2 ont quitt\u00e9 l&rsquo;atmosph\u00e8re, soit suffisamment pour atteindre la neutralit\u00e9 carbone pendant un an ! La seule explication possible pour une telle rapidit\u00e9 et une telle ampleur d&rsquo;\u00e9limination du dioxyde de carbone (CDR) est l&rsquo;OIF provoqu\u00e9e par l&rsquo;\u00e9ruption du volcan Pinatubo en 1991, qui a projet\u00e9 des cendres charg\u00e9es de fer dans l&rsquo;oc\u00e9an.  <\/p>\n<p>L&rsquo;OIF intentionnelle a \u00e9t\u00e9 men\u00e9e plus d&rsquo;une douzaine de fois \u00e0 travers le monde. Lorsqu&rsquo;elle \u00e9tait bien cibl\u00e9e, elle a donn\u00e9 les r\u00e9sultats escompt\u00e9s : le phytoplancton a photosynth\u00e9tis\u00e9 et s&rsquo;est d\u00e9velopp\u00e9, tandis que les d\u00e9tritus et les organismes morts ont coul\u00e9.  <\/p>\n<\/div>\n            <\/div>\n                    <div class=\"elementor-accordion-item\">\n            <div id=\"elementor-tab-title-1523\" class=\"elementor-tab-title\" tabindex=\"1523\" data-tab=\"3\" role=\"tab\" aria-controls=\"elementor-tab-content-1523\">\n                        <span class=\"elementor-accordion-icon\" aria-hidden=\"true\">\n\t\t\t\t\t\t\t<i class=\"elementor-accordion-icon-closed opal-icon-plus-circle\"><\/i>\n\t\t\t\t\t\t\t<i class=\"elementor-accordion-icon-opened opal-icon-minus-circle\"><\/i>\n\t\t\t\t\t\t<\/span>\n                    L\u2019apport intentionnel de fer (OIF) est-il sans danger ?            <\/div>\n            <div id=\"elementor-tab-content-1523\" class=\"elementor-tab-content elementor-clearfix\" data-tab=\"3\" role=\"tabpanel\" aria-labelledby=\"elementor-tab-title-1523\"><p>Il est naturel de s\u2019inqui\u00e9ter de l\u2019ajout de quoi que ce soit \u00e0 l\u2019oc\u00e9an. Cependant, la nature pratique l\u2019OIF depuis des millions d\u2019ann\u00e9es, et la vie marine a \u00e9volu\u00e9 pour prosp\u00e9rer gr\u00e2ce \u00e0 ce processus.  <\/p>\n<p>De nombreuses \u00e9tudes montrent que les oc\u00e9ans contiennent aujourd\u2019hui moins de fer qu\u2019auparavant, car les poussi\u00e8res ferreuses provenant des d\u00e9serts sont moins nombreuses et les baleines, qui recyclaient autrefois le fer des profondeurs oc\u00e9aniques vers la surface, ont quasiment disparu. <\/p>\n<p>L\u2019OIF intentionnel peut restaurer les \u00e9cosyst\u00e8mes marins tout en r\u00e9duisant les niveaux de CO2, ce qui contribue \u00e9galement \u00e0 neutraliser une partie de l\u2019acidification accrue des oc\u00e9ans. <\/p>\n<p>Les quantit\u00e9s impliqu\u00e9es dans l\u2019OIF intentionnel sont infimes : la poussi\u00e8re de fer \u00e9quivaut \u00e0 environ un grain de sel par m\u00e8tre carr\u00e9. <\/p>\n<\/div>\n            <\/div>\n                    <div class=\"elementor-accordion-item\">\n            <div id=\"elementor-tab-title-1524\" class=\"elementor-tab-title\" tabindex=\"1524\" data-tab=\"4\" role=\"tab\" aria-controls=\"elementor-tab-content-1524\">\n                        <span class=\"elementor-accordion-icon\" aria-hidden=\"true\">\n\t\t\t\t\t\t\t<i class=\"elementor-accordion-icon-closed opal-icon-plus-circle\"><\/i>\n\t\t\t\t\t\t\t<i class=\"elementor-accordion-icon-opened opal-icon-minus-circle\"><\/i>\n\t\t\t\t\t\t<\/span>\n                    L'OIF a-t-elle des effets secondaires ?            <\/div>\n            <div id=\"elementor-tab-content-1524\" class=\"elementor-tab-content elementor-clearfix\" data-tab=\"4\" role=\"tabpanel\" aria-labelledby=\"elementor-tab-title-1524\"><p>L&rsquo;OIF suscite beaucoup de confusion. Certains affirment, par exemple, qu&rsquo;elle pourrait provoquer des prolif\u00e9rations d&rsquo;algues nuisibles ou des mar\u00e9es rouges. C&rsquo;est faux : ces ph\u00e9nom\u00e8nes se produisent uniquement en pr\u00e9sence d&rsquo;une trop grande quantit\u00e9 de nutriments dans l&rsquo;eau, notamment dans les zones c\u00f4ti\u00e8res qui re\u00e7oivent des engrais, du fumier et d&rsquo;autres rejets riches en nutriments provenant des exploitations agricoles et des villes. Par d\u00e9finition, l&rsquo;OIF se pratique en haute mer, o\u00f9 les nutriments sont rares.    <\/p>\n<p>En r\u00e9alit\u00e9, sur les 13 exp\u00e9ditions d&rsquo;OIF d\u00e9j\u00e0 r\u00e9alis\u00e9es, aucune n&rsquo;a observ\u00e9 d&rsquo;effets secondaires n\u00e9fastes. Cela n&rsquo;a rien d&rsquo;\u00e9tonnant, puisque l&rsquo;OIF est un processus continu et naturel.  <\/p>\n<p>Les seuls effets secondaires observ\u00e9s suite \u00e0 une OIF intentionnelle ont \u00e9t\u00e9 positifs : une augmentation spectaculaire des populations de poissons, de baleines, d&rsquo;oiseaux marins et d&rsquo;autres esp\u00e8ces marines.<\/p>\n<\/div>\n            <\/div>\n                    <div class=\"elementor-accordion-item\">\n            <div id=\"elementor-tab-title-1525\" class=\"elementor-tab-title\" tabindex=\"1525\" data-tab=\"5\" role=\"tab\" aria-controls=\"elementor-tab-content-1525\">\n                        <span class=\"elementor-accordion-icon\" aria-hidden=\"true\">\n\t\t\t\t\t\t\t<i class=\"elementor-accordion-icon-closed opal-icon-plus-circle\"><\/i>\n\t\t\t\t\t\t\t<i class=\"elementor-accordion-icon-opened opal-icon-minus-circle\"><\/i>\n\t\t\t\t\t\t<\/span>\n                    Comment les projets OIF seront-ils suivis ? Que ferons-nous en cas de probl\u00e8me ?             <\/div>\n            <div id=\"elementor-tab-content-1525\" class=\"elementor-tab-content elementor-clearfix\" data-tab=\"5\" role=\"tabpanel\" aria-labelledby=\"elementor-tab-title-1525\"><p>Comme pour toute intervention responsable, le suivi est une fonction essentielle de la mise en \u0153uvre de l\u2019OIF.<\/p>\n<p><span style=\"font-family: 'DM Sans', -apple-system, BlinkMacSystemFont, 'Segoe UI', Roboto, 'Helvetica Neue', Arial, sans-serif;\">Les projets OIF respecteront les normes d\u2019\u00e9valuation environnementale et seront suivis par des tiers au moyen de m\u00e9thodes avanc\u00e9es telles que la surveillance, la notification et la v\u00e9rification (MRV) de surface (bou\u00e9es et navires-drones en surface et sous l\u2019eau) et la MRV par satellite (analyse d\u2019images satellitaires).<\/span><\/p>\n<p>D\u2019apr\u00e8s les essais pr\u00e9c\u00e9dents, nous n\u2019anticipons aucun effet n\u00e9gatif. Toutefois, en cas de probl\u00e8me, la distribution de fer sera imm\u00e9diatement interrompue. Le fer coulant, la zone affect\u00e9e retrouvera son \u00e9tat initial en quelques semaines.  <\/p>\n<\/div>\n            <\/div>\n                    <div class=\"elementor-accordion-item\">\n            <div id=\"elementor-tab-title-1526\" class=\"elementor-tab-title\" tabindex=\"1526\" data-tab=\"6\" role=\"tab\" aria-controls=\"elementor-tab-content-1526\">\n                        <span class=\"elementor-accordion-icon\" aria-hidden=\"true\">\n\t\t\t\t\t\t\t<i class=\"elementor-accordion-icon-closed opal-icon-plus-circle\"><\/i>\n\t\t\t\t\t\t\t<i class=\"elementor-accordion-icon-opened opal-icon-minus-circle\"><\/i>\n\t\t\t\t\t\t<\/span>\n                    \u00d8 Quelles sont les exigences juridiques de la Convention de Londres \/ du Protocole de Londres relatives \u00e0 la mise en \u0153uvre de la fertilisation des oc\u00e9ans par le fer (OIF) ?            <\/div>\n            <div id=\"elementor-tab-content-1526\" class=\"elementor-tab-content elementor-clearfix\" data-tab=\"6\" role=\"tabpanel\" aria-labelledby=\"elementor-tab-title-1526\"><p><b>Convention de Londres \/ Protocole de Londres (CL\/PL) sur l\u2019immersion de d\u00e9chets en mer : ce que la communaut\u00e9 de la restauration du climat doit savoir <\/b><\/p>\n<p><span style=\"font-weight: 400;\">Certaines organisations et certains journalistes affirment que la Convention de Londres \/ le Protocole de Londres (CL\/PL) a d\u00e9clar\u00e9 ill\u00e9gale la fertilisation des oc\u00e9ans par le fer. <\/span><\/p>\n<p><span style=\"font-weight: 400;\">C&rsquo;est une id\u00e9e fausse : ce n&rsquo;est pas le cas.<\/span><\/p>\n<p><span style=\"font-weight: 400;\">Quelles sont donc les exigences juridiques relatives \u00e0 la mise en \u0153uvre de l\u2019OIF ? Et comment les acteurs concern\u00e9s envisagent-ils de proc\u00e9der ? <\/span><\/p>\n<p><b>Droit international<\/b><\/p>\n<p><span style=\"font-weight: 400;\">Selon le Sabin Center for Climate Change Law de la Columbia Law School, \u00ab il n&rsquo;existe actuellement aucun trait\u00e9 international juridiquement contraignant traitant sp\u00e9cifiquement de la fertilisation des oc\u00e9ans \u00bb. Cela fait \u00e9cho \u00e0 la conclusion du rapport de 2022 des Acad\u00e9mies nationales sur la capture et le stockage du carbone dans les oc\u00e9ans.<br \/>According to the <\/span><a href=\"https:\/\/climate.law.columbia.edu\/\" target=\"_blank\" rel=\"noopener\"><span style=\"font-weight: 400;\">Sabin Center for Climate Change Law <\/span><\/a><span style=\"font-weight: 400;\">of the Columbia Law School, \u201cT<\/span><span style=\"font-weight: 400;\">here are currently <\/span><a href=\"https:\/\/climate.law.columbia.edu\/content\/removing-carbon-dioxide-through-ocean-fertilization-legal-challenges-and-opportunities\" target=\"_blank\" rel=\"noopener\"><span style=\"font-weight: 400;\">no legally binding international treaties <\/span><\/a><span style=\"font-weight: 400;\">dealing specifically with ocean fertilization.\u201d This echoes the conclusion of the 2022 <\/span><a href=\"https:\/\/nap.nationalacademies.org\/catalog\/26278\/a-research-strategy-for-ocean-based-carbon-dioxide-removal-and-sequestration\" target=\"_blank\" rel=\"noopener\"><span style=\"font-weight: 400;\">National Academies <\/span><\/a><span style=\"font-weight: 400;\">report on ocean CDR.<\/span><span style=\"font-family: 'DM Sans', -apple-system, BlinkMacSystemFont, 'Segoe UI', Roboto, 'Helvetica Neue', Arial, sans-serif;\"> <\/span><\/p>\n<p><span style=\"font-weight: 400;\">Il est vrai qu&rsquo;entre 2007 et 2013, la Convention des Nations Unies sur la diversit\u00e9 biologique et la Convention des Nations Unies sur le droit de la mer ont entrepris des d\u00e9marches initiales pour \u00e9laborer des r\u00e8gles relatives \u00e0 la fertilisation des oc\u00e9ans. Toutefois, aucun de ces trait\u00e9s n&rsquo;a \u00e9t\u00e9 finalis\u00e9 ni ratifi\u00e9. De plus, ils sont g\u00e9n\u00e9ralement consid\u00e9r\u00e9s comme confus et contradictoires.  <\/span><\/p>\n<p><b>Droit National<\/b><\/p>\n<p><span style=\"font-weight: 400;\">Les lois environnementales couvrent les activit\u00e9s men\u00e9es dans les eaux territoriales (jusqu&rsquo;\u00e0 12 milles nautiques des c\u00f4tes) et les zones \u00e9conomiques exclusives nationales (jusqu&rsquo;\u00e0 200 milles nautiques). Un permis d\u00e9livr\u00e9 par l&rsquo;Agence nationale de protection de l&rsquo;environnement (EPA) ou une agence d&rsquo;\u00c9tat est g\u00e9n\u00e9ralement requis dans ces zones. Il est important de noter que l&rsquo;extraction de fer par ruissellement (OIF) n&rsquo;est g\u00e9n\u00e9ralement pas pratiqu\u00e9e dans les eaux c\u00f4ti\u00e8res : le ruissellement terrestre fournit suffisamment de fer pour la v\u00e9g\u00e9tation marine.   <\/span><\/p>\n<p><span style=\"font-weight: 400;\">Pour aller de l&rsquo;avant<\/span><\/p>\n<p><span style=\"font-weight: 400;\">Malgr\u00e9 la r\u00e9alit\u00e9, l&rsquo;id\u00e9e fausse selon laquelle le LP\/LP interdit l&rsquo;OIF persiste, notamment chez les non-juristes de la communaut\u00e9 scientifique. Comme la plupart des gens h\u00e9sitent \u00e0 interroger les scientifiques, cette id\u00e9e fausse perdure\u2026 \u00c0 pr\u00e9sent, la r\u00e9p\u00e9tition de cette croyance lui conf\u00e8re un statut de quasi-doctrine   <\/span><\/p>\n<p><span style=\"font-weight: 400;\">Par cons\u00e9quent, pour \u00e9viter toute controverse, il serait prudent de demander l&rsquo;autorisation m\u00eame lorsque celle-ci n&rsquo;est pas obligatoire. Par exemple, une fois que notre<\/span><a href=\"https:\/\/climaterestorationalliance.org\/?post_type=give_forms&#038;p=74\" target=\"_blank\" rel=\"noopener\"> OIF projet<\/a><span style=\"font-weight: 400;\"> est consolid\u00e9 et financ\u00e9, nous demanderons aux garde-c\u00f4tes philippins de solliciter un permis aupr\u00e8s du LC\/LP. Nous pr\u00e9voyons ensuite de demander une autorisation similaire aux deux autres agences onusiennes concern\u00e9es. Leurs repr\u00e9sentants auront sans aucun doute des questions pertinentes et demanderont des clarifications qui permettront d&rsquo;am\u00e9liorer la qualit\u00e9 du projet.<\/span><\/p>\n<p><span style=\"font-weight: 400;\">Enfin, nous rencontrerons les diff\u00e9rentes organisations qui affirment ou laissent entendre que l&rsquo;OIF est interdite par le LC\/LP, afin de les informer et d&rsquo;obtenir leur adh\u00e9sion.<\/span><\/p>\n<\/div>\n            <\/div>\n                <\/div>\n        \t\t\t\t<\/div>\n\t\t\t\t<\/div>\n\t\t\t\t\t<\/div>\n\t\t<\/div>\n\t\t\t\t<div class=\"elementor-column elementor-col-33 elementor-top-column elementor-element elementor-element-fed3607\" data-id=\"fed3607\" data-element_type=\"column\" data-e-type=\"column\">\n\t\t\t<div class=\"elementor-widget-wrap elementor-element-populated\">\n\t\t\t\t\t\t<div class=\"elementor-element elementor-element-59ac4e9 elementor-cta--skin-cover elementor-cta--valign-top elementor-widget elementor-widget-call-to-action\" data-id=\"59ac4e9\" data-element_type=\"widget\" data-e-type=\"widget\" data-widget_type=\"call-to-action.default\">\n\t\t\t\t<div class=\"elementor-widget-container\">\n\t\t\t\t\t\t\t<div class=\"elementor-cta\">\n\t\t\t\t\t<div class=\"elementor-cta__bg-wrapper\">\n\t\t\t\t<div class=\"elementor-cta__bg elementor-bg\" style=\"background-image: url(https:\/\/climaterestorationalliance.org\/wp-content\/uploads\/2019\/08\/campaign_19.jpg);\" role=\"img\" aria-label=\"campaign_19\"><\/div>\n\t\t\t\t<div class=\"elementor-cta__bg-overlay\"><\/div>\n\t\t\t<\/div>\n\t\t\t\t\t\t\t<div class=\"elementor-cta__content\">\n\t\t\t\t\n\t\t\t\t\t\t\t\t\t<h2 class=\"elementor-cta__title elementor-cta__content-item elementor-content-item\">\n\t\t\t\t\t\tDes questions ?\t\t\t\t\t<\/h2>\n\t\t\t\t\n\t\t\t\t\t\t\t\t\t<div class=\"elementor-cta__description elementor-cta__content-item elementor-content-item\">\n\t\t\t\t\t\tSi vous avez encore des questions, n'h\u00e9sitez pas \u00e0 nous les poser !\n\t\t\t\t\t<\/div>\n\t\t\t\t\n\t\t\t\t\t\t\t\t\t<div class=\"elementor-cta__button-wrapper elementor-cta__content-item elementor-content-item \">\n\t\t\t\t\t<a class=\"elementor-cta__button elementor-button elementor-size-\" href=\"https:\/\/climaterestorationalliance.org\/contact-us\/\">\n\t\t\t\t\t\tContactez-nous!\t\t\t\t\t<\/a>\n\t\t\t\t\t<\/div>\n\t\t\t\t\t\t\t<\/div>\n\t\t\t\t\t\t<\/div>\n\t\t\t\t\t\t<\/div>\n\t\t\t\t<\/div>\n\t\t\t\t\t<\/div>\n\t\t<\/div>\n\t\t\t\t\t<\/div>\n\t\t<\/section>\n\t\t\t\t<\/div>\n\t\t","protected":false},"excerpt":{"rendered":"<p>Questions fr\u00e9quentes Qu\u2019est-ce que la restauration du climat et pourquoi est-elle essentielle ? Nous souhaitons tous l\u00e9guer \u00e0 nos enfants un climat s\u00fbr, comme celui que nous avons connu. La restauration du climat consiste \u00e0 r\u00e9tablir un climat dont la s\u00e9curit\u00e9 pour l\u2019humanit\u00e9 est prouv\u00e9e \u00e0 long terme, et ce d\u2019ici 2050, alors que nos &hellip; <span class=\"more-link-wrap\"><a href=\"https:\/\/climaterestorationalliance.org\/fr\/faq\/\" class=\"more-link\">Read More <span class=\"screen-reader-text\"> \u00ab\u00a0FAQ\u00a0\u00bb<\/span><\/a><\/span><\/p>\n","protected":false},"author":1,"featured_media":0,"parent":0,"menu_order":0,"comment_status":"closed","ping_status":"closed","template":"page-elementor.php","meta":{"give_campaign_id":0,"_uf_show_specific_survey":0,"_uf_disable_surveys":false,"footnotes":""},"class_list":["post-7968","page","type-page","status-publish","hentry"],"acf":[],"yoast_head":"<!-- This site is optimized with the Yoast SEO plugin v27.5 - https:\/\/yoast.com\/product\/yoast-seo-wordpress\/ -->\n<title>FAQ - Climate Restoration Alliance<\/title>\n<meta name=\"description\" content=\"Find answers to common questions about climate restoration, our initiatives, and how you can get involved in building a sustainable future.\" \/>\n<meta name=\"robots\" content=\"index, follow, max-snippet:-1, max-image-preview:large, max-video-preview:-1\" \/>\n<link rel=\"canonical\" href=\"https:\/\/climaterestorationalliance.org\/fr\/faq\/\" \/>\n<meta property=\"og:locale\" content=\"fr_FR\" \/>\n<meta property=\"og:type\" content=\"article\" \/>\n<meta property=\"og:title\" content=\"FAQ - Climate Restoration Alliance\" \/>\n<meta property=\"og:description\" content=\"Find answers to common questions about climate restoration, our initiatives, and how you can get involved in building a sustainable future.\" \/>\n<meta property=\"og:url\" content=\"https:\/\/climaterestorationalliance.org\/fr\/faq\/\" \/>\n<meta property=\"og:site_name\" content=\"Climate Restoration Alliance\" \/>\n<meta property=\"article:publisher\" content=\"https:\/\/www.facebook.com\/ClimateRestorationAlliance\/\" \/>\n<meta property=\"article:modified_time\" content=\"2026-03-23T19:24:38+00:00\" \/>\n<meta name=\"twitter:card\" content=\"summary_large_image\" \/>\n<meta name=\"twitter:label1\" content=\"Dur\u00e9e de lecture estim\u00e9e\" \/>\n\t<meta name=\"twitter:data1\" content=\"19 minutes\" \/>\n<script type=\"application\/ld+json\" class=\"yoast-schema-graph\">{\"@context\":\"https:\\\/\\\/schema.org\",\"@graph\":[{\"@type\":\"WebPage\",\"@id\":\"https:\\\/\\\/climaterestorationalliance.org\\\/fr\\\/faq\\\/\",\"url\":\"https:\\\/\\\/climaterestorationalliance.org\\\/fr\\\/faq\\\/\",\"name\":\"FAQ - Climate Restoration Alliance\",\"isPartOf\":{\"@id\":\"https:\\\/\\\/climaterestorationalliance.org\\\/fr\\\/#website\"},\"datePublished\":\"2019-08-26T12:10:19+00:00\",\"dateModified\":\"2026-03-23T19:24:38+00:00\",\"description\":\"Find answers to common questions about climate restoration, our initiatives, and how you can get involved in building a sustainable future.\",\"breadcrumb\":{\"@id\":\"https:\\\/\\\/climaterestorationalliance.org\\\/fr\\\/faq\\\/#breadcrumb\"},\"inLanguage\":\"fr-FR\",\"potentialAction\":[{\"@type\":\"ReadAction\",\"target\":[\"https:\\\/\\\/climaterestorationalliance.org\\\/fr\\\/faq\\\/\"]}]},{\"@type\":\"BreadcrumbList\",\"@id\":\"https:\\\/\\\/climaterestorationalliance.org\\\/fr\\\/faq\\\/#breadcrumb\",\"itemListElement\":[{\"@type\":\"ListItem\",\"position\":1,\"name\":\"Home\",\"item\":\"https:\\\/\\\/climaterestorationalliance.org\\\/fr\\\/\"},{\"@type\":\"ListItem\",\"position\":2,\"name\":\"FAQ\"}]},{\"@type\":\"WebSite\",\"@id\":\"https:\\\/\\\/climaterestorationalliance.org\\\/fr\\\/#website\",\"url\":\"https:\\\/\\\/climaterestorationalliance.org\\\/fr\\\/\",\"name\":\"Climate Restoration Alliance\",\"description\":\"Is Climate Restoration Possible??\",\"publisher\":{\"@id\":\"https:\\\/\\\/climaterestorationalliance.org\\\/fr\\\/#organization\"},\"potentialAction\":[{\"@type\":\"SearchAction\",\"target\":{\"@type\":\"EntryPoint\",\"urlTemplate\":\"https:\\\/\\\/climaterestorationalliance.org\\\/fr\\\/?s={search_term_string}\"},\"query-input\":{\"@type\":\"PropertyValueSpecification\",\"valueRequired\":true,\"valueName\":\"search_term_string\"}}],\"inLanguage\":\"fr-FR\"},{\"@type\":\"Organization\",\"@id\":\"https:\\\/\\\/climaterestorationalliance.org\\\/fr\\\/#organization\",\"name\":\"Climate Restoration Alliance\",\"url\":\"https:\\\/\\\/climaterestorationalliance.org\\\/fr\\\/\",\"logo\":{\"@type\":\"ImageObject\",\"inLanguage\":\"fr-FR\",\"@id\":\"https:\\\/\\\/climaterestorationalliance.org\\\/fr\\\/#\\\/schema\\\/logo\\\/image\\\/\",\"url\":\"https:\\\/\\\/climaterestorationalliance.org\\\/wp-content\\\/uploads\\\/2025\\\/02\\\/cropped-CRA-logo-only.png\",\"contentUrl\":\"https:\\\/\\\/climaterestorationalliance.org\\\/wp-content\\\/uploads\\\/2025\\\/02\\\/cropped-CRA-logo-only.png\",\"width\":512,\"height\":512,\"caption\":\"Climate Restoration Alliance\"},\"image\":{\"@id\":\"https:\\\/\\\/climaterestorationalliance.org\\\/fr\\\/#\\\/schema\\\/logo\\\/image\\\/\"},\"sameAs\":[\"https:\\\/\\\/www.facebook.com\\\/ClimateRestorationAlliance\\\/\",\"https:\\\/\\\/www.linkedin.com\\\/company\\\/climate-restoration-alliance\\\/\"]}]}<\/script>\n<!-- \/ Yoast SEO plugin. -->","yoast_head_json":{"title":"FAQ - Climate Restoration Alliance","description":"Find answers to common questions about climate restoration, our initiatives, and how you can get involved in building a sustainable future.","robots":{"index":"index","follow":"follow","max-snippet":"max-snippet:-1","max-image-preview":"max-image-preview:large","max-video-preview":"max-video-preview:-1"},"canonical":"https:\/\/climaterestorationalliance.org\/fr\/faq\/","og_locale":"fr_FR","og_type":"article","og_title":"FAQ - Climate Restoration Alliance","og_description":"Find answers to common questions about climate restoration, our initiatives, and how you can get involved in building a sustainable future.","og_url":"https:\/\/climaterestorationalliance.org\/fr\/faq\/","og_site_name":"Climate Restoration Alliance","article_publisher":"https:\/\/www.facebook.com\/ClimateRestorationAlliance\/","article_modified_time":"2026-03-23T19:24:38+00:00","twitter_card":"summary_large_image","twitter_misc":{"Dur\u00e9e de lecture estim\u00e9e":"19 minutes"},"schema":{"@context":"https:\/\/schema.org","@graph":[{"@type":"WebPage","@id":"https:\/\/climaterestorationalliance.org\/fr\/faq\/","url":"https:\/\/climaterestorationalliance.org\/fr\/faq\/","name":"FAQ - Climate Restoration Alliance","isPartOf":{"@id":"https:\/\/climaterestorationalliance.org\/fr\/#website"},"datePublished":"2019-08-26T12:10:19+00:00","dateModified":"2026-03-23T19:24:38+00:00","description":"Find answers to common questions about climate restoration, our initiatives, and how you can get involved in building a sustainable future.","breadcrumb":{"@id":"https:\/\/climaterestorationalliance.org\/fr\/faq\/#breadcrumb"},"inLanguage":"fr-FR","potentialAction":[{"@type":"ReadAction","target":["https:\/\/climaterestorationalliance.org\/fr\/faq\/"]}]},{"@type":"BreadcrumbList","@id":"https:\/\/climaterestorationalliance.org\/fr\/faq\/#breadcrumb","itemListElement":[{"@type":"ListItem","position":1,"name":"Home","item":"https:\/\/climaterestorationalliance.org\/fr\/"},{"@type":"ListItem","position":2,"name":"FAQ"}]},{"@type":"WebSite","@id":"https:\/\/climaterestorationalliance.org\/fr\/#website","url":"https:\/\/climaterestorationalliance.org\/fr\/","name":"Climate Restoration Alliance","description":"Is Climate Restoration Possible??","publisher":{"@id":"https:\/\/climaterestorationalliance.org\/fr\/#organization"},"potentialAction":[{"@type":"SearchAction","target":{"@type":"EntryPoint","urlTemplate":"https:\/\/climaterestorationalliance.org\/fr\/?s={search_term_string}"},"query-input":{"@type":"PropertyValueSpecification","valueRequired":true,"valueName":"search_term_string"}}],"inLanguage":"fr-FR"},{"@type":"Organization","@id":"https:\/\/climaterestorationalliance.org\/fr\/#organization","name":"Climate Restoration Alliance","url":"https:\/\/climaterestorationalliance.org\/fr\/","logo":{"@type":"ImageObject","inLanguage":"fr-FR","@id":"https:\/\/climaterestorationalliance.org\/fr\/#\/schema\/logo\/image\/","url":"https:\/\/climaterestorationalliance.org\/wp-content\/uploads\/2025\/02\/cropped-CRA-logo-only.png","contentUrl":"https:\/\/climaterestorationalliance.org\/wp-content\/uploads\/2025\/02\/cropped-CRA-logo-only.png","width":512,"height":512,"caption":"Climate Restoration Alliance"},"image":{"@id":"https:\/\/climaterestorationalliance.org\/fr\/#\/schema\/logo\/image\/"},"sameAs":["https:\/\/www.facebook.com\/ClimateRestorationAlliance\/","https:\/\/www.linkedin.com\/company\/climate-restoration-alliance\/"]}]}},"campaignId":"","_links":{"self":[{"href":"https:\/\/climaterestorationalliance.org\/fr\/wp-json\/wp\/v2\/pages\/7968","targetHints":{"allow":["GET"]}}],"collection":[{"href":"https:\/\/climaterestorationalliance.org\/fr\/wp-json\/wp\/v2\/pages"}],"about":[{"href":"https:\/\/climaterestorationalliance.org\/fr\/wp-json\/wp\/v2\/types\/page"}],"author":[{"embeddable":true,"href":"https:\/\/climaterestorationalliance.org\/fr\/wp-json\/wp\/v2\/users\/1"}],"replies":[{"embeddable":true,"href":"https:\/\/climaterestorationalliance.org\/fr\/wp-json\/wp\/v2\/comments?post=7968"}],"version-history":[{"count":3,"href":"https:\/\/climaterestorationalliance.org\/fr\/wp-json\/wp\/v2\/pages\/7968\/revisions"}],"predecessor-version":[{"id":7973,"href":"https:\/\/climaterestorationalliance.org\/fr\/wp-json\/wp\/v2\/pages\/7968\/revisions\/7973"}],"wp:attachment":[{"href":"https:\/\/climaterestorationalliance.org\/fr\/wp-json\/wp\/v2\/media?parent=7968"}],"curies":[{"name":"wp","href":"https:\/\/api.w.org\/{rel}","templated":true}]}}